{"id":1896,"date":"2019-09-10T14:20:00","date_gmt":"2019-09-10T12:20:00","guid":{"rendered":"https:\/\/www.id-waste.com\/?post_type=product&#038;p=1896"},"modified":"2019-09-10T14:31:10","modified_gmt":"2019-09-10T12:31:10","slug":"urba-plus-45","status":"publish","type":"product","link":"https:\/\/www.id-waste.com\/binsandbags\/producto\/urba-plus-45\/","title":{"rendered":"Urba Plus 45"},"content":{"rendered":"<p>[et_pb_section fb_built=\u00bb1&#8243; admin_label=\u00bbsection\u00bb _builder_version=\u00bb3.22.3&#8243; custom_margin=\u00bb0px|0px|0px|0px\u00bb custom_padding=\u00bb0px|0px|0px|0px\u00bb][et_pb_row use_custom_gutter=\u00bbon\u00bb gutter_width=\u00bb1&#8243; custom_padding=\u00bb0px|0px|0px|0px\u00bb custom_margin=\u00bb0px|0px|0px|0px\u00bb admin_label=\u00bbrow\u00bb module_class=\u00bb et_pb_row_fullwidth\u00bb _builder_version=\u00bb3.22.3&#8243; background_size=\u00bbinitial\u00bb background_position=\u00bbtop_left\u00bb background_repeat=\u00bbrepeat\u00bb width=\u00bb100%\u00bb width_tablet=\u00bb100%\u00bb width_last_edited=\u00bbon|desktop\u00bb max_width=\u00bb100%\u00bb max_width_tablet=\u00bb100%\u00bb max_width_last_edited=\u00bbon|desktop\u00bb make_fullwidth=\u00bbon\u00bb][et_pb_column type=\u00bb4_4&#8243; _builder_version=\u00bb3.0.47&#8243;][et_pb_accordion admin_label=\u00bbAcorde\u00f3n\u00bb _builder_version=\u00bb3.22.7&#8243;][et_pb_accordion_item title=\u00bbCARACTER\u00cdSTICAS T\u00c9CNICAS\u00bb open=\u00bbon\u00bb _builder_version=\u00bb3.22.7&#8243; title_text_shadow_horizontal_length=\u00bb0em\u00bb title_text_shadow_vertical_length=\u00bb0em\u00bb title_text_shadow_blur_strength=\u00bb0em\u00bb body_text_shadow_horizontal_length=\u00bb0em\u00bb body_text_shadow_vertical_length=\u00bb0em\u00bb body_text_shadow_blur_strength=\u00bb0em\u00bb]<\/p>\n<ul>\n<li>Resistente a los rayos UV y a los agentes qu\u00edmicos y biol\u00f3gicos<\/li>\n<li>Asa de pl\u00e1stico con sistema de bloqueo de la tapa<\/li>\n<li>Posibilidad de colgarlo<\/li>\n<li>Tapa articulada con doble apertura<\/li>\n<li>Borde superior con \u00e1ngulo acentuado para una mejor sujeci\u00f3n del saco<\/li>\n<li>Fondo del cubo amplio y ergon\u00f3mico para una mejor limpieza<\/li>\n<li>Apilables<\/li>\n<\/ul>\n<p>[\/et_pb_accordion_item][et_pb_accordion_item title=\u00bbOpcional\u00bb open=\u00bboff\u00bb _builder_version=\u00bb3.22.7&#8243; title_text_shadow_horizontal_length=\u00bb0em\u00bb title_text_shadow_vertical_length=\u00bb0em\u00bb title_text_shadow_blur_strength=\u00bb0em\u00bb body_text_shadow_horizontal_length=\u00bb0em\u00bb body_text_shadow_vertical_length=\u00bb0em\u00bb body_text_shadow_blur_strength=\u00bb0em\u00bb]<\/p>\n<ul>\n<li>Impresi\u00f3n hotprinting\/serigraf\u00eda<\/li>\n<li>Posibilidad de identificaci\u00f3n num\u00e9rica o en c\u00f3digo de barras\/ DataMatrix<\/li>\n<li>Aplicaci\u00f3n de TAG en la parte frontal del cubo<\/li>\n<\/ul>\n<p>[\/et_pb_accordion_item][et_pb_accordion_item title=\u00bbMaterial\u00bb open=\u00bboff\u00bb _builder_version=\u00bb3.22.7&#8243; title_text_shadow_horizontal_length=\u00bb0em\u00bb title_text_shadow_vertical_length=\u00bb0em\u00bb title_text_shadow_blur_strength=\u00bb0em\u00bb body_text_shadow_horizontal_length=\u00bb0em\u00bb body_text_shadow_vertical_length=\u00bb0em\u00bb body_text_shadow_blur_strength=\u00bb0em\u00bb]<\/p>\n<div>\n<div>Fabricado con PP reciclado 70-95%<\/div>\n<div>Fabricado con PP reciclable 100%<\/div>\n<\/div>\n<p>[\/et_pb_accordion_item][et_pb_accordion_item title=\u00bbFabricante\u00bb open=\u00bboff\u00bb _builder_version=\u00bb3.22.7&#8243; title_text_shadow_horizontal_length=\u00bb0em\u00bb title_text_shadow_vertical_length=\u00bb0em\u00bb title_text_shadow_blur_strength=\u00bb0em\u00bb body_text_shadow_horizontal_length=\u00bb0em\u00bb body_text_shadow_vertical_length=\u00bb0em\u00bb body_text_shadow_blur_strength=\u00bb0em\u00bb]<\/p>\n<div class=\"col-md-12 gris prod-carac\">\n<table width=\"100%\">\n<tbody>\n<tr>\n<td width=\"50%\">\n<div>Sartori Ambiente S.r.l.<\/div>\n<\/td>\n<\/tr>\n<\/tbody>\n<\/table>\n<\/div>\n<p>[\/et_pb_accordion_item][et_pb_accordion_item title=\u00bbCertificados\u00bb open=\u00bboff\u00bb _builder_version=\u00bb3.22.7&#8243; title_text_shadow_horizontal_length=\u00bb0em\u00bb title_text_shadow_vertical_length=\u00bb0em\u00bb title_text_shadow_blur_strength=\u00bb0em\u00bb body_text_shadow_horizontal_length=\u00bb0em\u00bb body_text_shadow_vertical_length=\u00bb0em\u00bb body_text_shadow_blur_strength=\u00bb0em\u00bb]<\/p>\n<p><img class=\"alignnone wp-image-907\" src=\"https:\/\/www.id-waste.com\/wp-content\/uploads\/2019\/03\/ISO-9001-SN-RGB-Web.png\" alt=\"\" width=\"80\" height=\"139\" srcset=\"https:\/\/www.id-waste.com\/binsandbags\/wp-content\/uploads\/2019\/03\/ISO-9001-SN-RGB-Web.png 530w, https:\/\/www.id-waste.com\/binsandbags\/wp-content\/uploads\/2019\/03\/ISO-9001-SN-RGB-Web-172x300.png 172w\" sizes=\"(max-width: 80px) 100vw, 80px\" \/>\u00a0\u00a0\u00a0 <img class=\"alignnone wp-image-908\" src=\"https:\/\/www.id-waste.com\/wp-content\/uploads\/2019\/03\/ISO-14001-RGB-SN-Web.png\" alt=\"\" width=\"80\" height=\"140\" srcset=\"https:\/\/www.id-waste.com\/binsandbags\/wp-content\/uploads\/2019\/03\/ISO-14001-RGB-SN-Web.png 530w, https:\/\/www.id-waste.com\/binsandbags\/wp-content\/uploads\/2019\/03\/ISO-14001-RGB-SN-Web-172x300.png 172w\" sizes=\"(max-width: 80px) 100vw, 80px\" \/>\u00a0\u00a0\u00a0 <img class=\"alignnone wp-image-958\" src=\"https:\/\/www.id-waste.com\/wp-content\/uploads\/2019\/03\/Plastica_Seconda_Vita.jpg\" alt=\"\" width=\"120\" height=\"124\" srcset=\"https:\/\/www.id-waste.com\/binsandbags\/wp-content\/uploads\/2019\/03\/Plastica_Seconda_Vita.jpg 417w, https:\/\/www.id-waste.com\/binsandbags\/wp-content\/uploads\/2019\/03\/Plastica_Seconda_Vita-290x300.jpg 290w, https:\/\/www.id-waste.com\/binsandbags\/wp-content\/uploads\/2019\/03\/Plastica_Seconda_Vita-32x32.jpg 32w\" sizes=\"(max-width: 120px) 100vw, 120px\" \/><\/p>\n<p>[\/et_pb_accordion_item][\/et_pb_accordion][\/et_pb_column][\/et_pb_row][\/et_pb_section]<\/p>\n","protected":false},"excerpt":{"rendered":"<p>Resistente a los rayos UV y a los agentes qu\u00edmicos y biol\u00f3gicos Asa de pl\u00e1stico con sistema de bloqueo de la tapa Posibilidad de colgarlo Tapa articulada con doble apertura Borde superior con \u00e1ngulo acentuado para una mejor sujeci\u00f3n del saco Fondo del cubo amplio y ergon\u00f3mico para una mejor limpieza Apilables Impresi\u00f3n hotprinting\/serigraf\u00eda Posibilidad [&hellip;]<\/p>\n","protected":false},"featured_media":1792,"template":"","meta":{"_et_pb_use_builder":"on","_et_pb_old_content":"<img class=\"wp-image-6 alignnone size-thumbnail\" src=\"https:\/\/www.id-waste.com\/wp-content\/uploads\/2019\/02\/imagotip-quadrat-500px-150x150.png\" alt=\"\" width=\"150\" height=\"150\" \/>","_et_gb_content_width":""},"product_cat":[27,40],"product_tag":[],"yoast_head":"<!-- This site is optimized with the Yoast SEO plugin v17.6 - https:\/\/yoast.com\/wordpress\/plugins\/seo\/ -->\n<title>Urba Plus 45 &mdash; id\u00b7waste<\/title>\n<meta name=\"robots\" content=\"index, follow, max-snippet:-1, max-image-preview:large, max-video-preview:-1\" \/>\n<link rel=\"canonical\" href=\"https:\/\/www.id-waste.com\/producto\/urba-plus-45\/\" \/>\n<meta property=\"og:locale\" content=\"es_ES\" \/>\n<meta property=\"og:type\" content=\"article\" \/>\n<meta property=\"og:title\" content=\"Urba Plus 45 &mdash; id\u00b7waste\" \/>\n<meta property=\"og:description\" content=\"Resistente a los rayos UV y a los agentes qu\u00edmicos y biol\u00f3gicos Asa de pl\u00e1stico con sistema de bloqueo de la tapa Posibilidad de colgarlo Tapa articulada con doble apertura Borde superior con \u00e1ngulo acentuado para una mejor sujeci\u00f3n del saco Fondo del cubo amplio y ergon\u00f3mico para una mejor limpieza Apilables Impresi\u00f3n hotprinting\/serigraf\u00eda Posibilidad [&hellip;]\" \/>\n<meta property=\"og:url\" content=\"https:\/\/www.id-waste.com\/producto\/urba-plus-45\/\" \/>\n<meta property=\"og:site_name\" content=\"id\u00b7waste\" \/>\n<meta property=\"article:modified_time\" content=\"2019-09-10T12:31:10+00:00\" \/>\n<meta property=\"og:image\" content=\"https:\/\/www.id-waste.com\/wp-content\/uploads\/2019\/03\/urbaplus40_nou.jpg\" \/>\n\t<meta property=\"og:image:width\" content=\"1570\" \/>\n\t<meta property=\"og:image:height\" content=\"1571\" \/>\n<meta name=\"twitter:card\" content=\"summary_large_image\" \/>\n<meta name=\"twitter:label1\" content=\"Tiempo de lectura\" \/>\n\t<meta name=\"twitter:data1\" content=\"2 minutos\" \/>\n<script type=\"application\/ld+json\" class=\"yoast-schema-graph\">{\"@context\":\"https:\/\/schema.org\",\"@graph\":[{\"@type\":\"Organization\",\"@id\":\"https:\/\/www.id-waste.com\/#organization\",\"name\":\"id\\u00b7waste\",\"url\":\"https:\/\/www.id-waste.com\/\",\"sameAs\":[],\"logo\":{\"@type\":\"ImageObject\",\"@id\":\"https:\/\/www.id-waste.com\/#logo\",\"inLanguage\":\"es\",\"url\":\"https:\/\/www.id-waste.com\/wp-content\/uploads\/2019\/02\/imagotip-quadrat-500px.png\",\"contentUrl\":\"https:\/\/www.id-waste.com\/wp-content\/uploads\/2019\/02\/imagotip-quadrat-500px.png\",\"width\":600,\"height\":600,\"caption\":\"id\\u00b7waste\"},\"image\":{\"@id\":\"https:\/\/www.id-waste.com\/#logo\"}},{\"@type\":\"WebSite\",\"@id\":\"https:\/\/www.id-waste.com\/#website\",\"url\":\"https:\/\/www.id-waste.com\/\",\"name\":\"id\\u00b7waste\",\"description\":\"Soluciones para la recogida selectiva domiciliaria y comercial\",\"publisher\":{\"@id\":\"https:\/\/www.id-waste.com\/#organization\"},\"potentialAction\":[{\"@type\":\"SearchAction\",\"target\":{\"@type\":\"EntryPoint\",\"urlTemplate\":\"https:\/\/www.id-waste.com\/?s={search_term_string}\"},\"query-input\":\"required name=search_term_string\"}],\"inLanguage\":\"es\"},{\"@type\":\"ImageObject\",\"@id\":\"https:\/\/www.id-waste.com\/producto\/urba-plus-45\/#primaryimage\",\"inLanguage\":\"es\",\"url\":\"https:\/\/www.id-waste.com\/binsandbags\/wp-content\/uploads\/2019\/03\/urbaplus40_nou.jpg\",\"contentUrl\":\"https:\/\/www.id-waste.com\/binsandbags\/wp-content\/uploads\/2019\/03\/urbaplus40_nou.jpg\",\"width\":1570,\"height\":1571},{\"@type\":\"WebPage\",\"@id\":\"https:\/\/www.id-waste.com\/producto\/urba-plus-45\/#webpage\",\"url\":\"https:\/\/www.id-waste.com\/producto\/urba-plus-45\/\",\"name\":\"Urba Plus 45 &mdash; id\\u00b7waste\",\"isPartOf\":{\"@id\":\"https:\/\/www.id-waste.com\/#website\"},\"primaryImageOfPage\":{\"@id\":\"https:\/\/www.id-waste.com\/producto\/urba-plus-45\/#primaryimage\"},\"datePublished\":\"2019-09-10T12:20:00+00:00\",\"dateModified\":\"2019-09-10T12:31:10+00:00\",\"breadcrumb\":{\"@id\":\"https:\/\/www.id-waste.com\/producto\/urba-plus-45\/#breadcrumb\"},\"inLanguage\":\"es\",\"potentialAction\":[{\"@type\":\"ReadAction\",\"target\":[\"https:\/\/www.id-waste.com\/producto\/urba-plus-45\/\"]}]},{\"@type\":\"BreadcrumbList\",\"@id\":\"https:\/\/www.id-waste.com\/producto\/urba-plus-45\/#breadcrumb\",\"itemListElement\":[{\"@type\":\"ListItem\",\"position\":1,\"name\":\"Portada\",\"item\":\"https:\/\/www.id-waste.com\/comingsoon\/\"},{\"@type\":\"ListItem\",\"position\":2,\"name\":\"Producto\",\"item\":\"https:\/\/www.id-waste.com\/binsandbags\/producto\/\"},{\"@type\":\"ListItem\",\"position\":3,\"name\":\"Urba Plus 45\"}]}]}<\/script>\n<!-- \/ Yoast SEO plugin. -->","yoast_head_json":{"title":"Urba Plus 45 &mdash; id\u00b7waste","robots":{"index":"index","follow":"follow","max-snippet":"max-snippet:-1","max-image-preview":"max-image-preview:large","max-video-preview":"max-video-preview:-1"},"canonical":"https:\/\/www.id-waste.com\/producto\/urba-plus-45\/","og_locale":"es_ES","og_type":"article","og_title":"Urba Plus 45 &mdash; id\u00b7waste","og_description":"Resistente a los rayos UV y a los agentes qu\u00edmicos y biol\u00f3gicos Asa de pl\u00e1stico con sistema de bloqueo de la tapa Posibilidad de colgarlo Tapa articulada con doble apertura Borde superior con \u00e1ngulo acentuado para una mejor sujeci\u00f3n del saco Fondo del cubo amplio y ergon\u00f3mico para una mejor limpieza Apilables Impresi\u00f3n hotprinting\/serigraf\u00eda Posibilidad [&hellip;]","og_url":"https:\/\/www.id-waste.com\/producto\/urba-plus-45\/","og_site_name":"id\u00b7waste","article_modified_time":"2019-09-10T12:31:10+00:00","og_image":[{"width":1570,"height":1571,"url":"https:\/\/www.id-waste.com\/wp-content\/uploads\/2019\/03\/urbaplus40_nou.jpg","type":"image\/jpeg"}],"twitter_card":"summary_large_image","twitter_misc":{"Tiempo de lectura":"2 minutos"},"schema":{"@context":"https:\/\/schema.org","@graph":[{"@type":"Organization","@id":"https:\/\/www.id-waste.com\/#organization","name":"id\u00b7waste","url":"https:\/\/www.id-waste.com\/","sameAs":[],"logo":{"@type":"ImageObject","@id":"https:\/\/www.id-waste.com\/#logo","inLanguage":"es","url":"https:\/\/www.id-waste.com\/wp-content\/uploads\/2019\/02\/imagotip-quadrat-500px.png","contentUrl":"https:\/\/www.id-waste.com\/wp-content\/uploads\/2019\/02\/imagotip-quadrat-500px.png","width":600,"height":600,"caption":"id\u00b7waste"},"image":{"@id":"https:\/\/www.id-waste.com\/#logo"}},{"@type":"WebSite","@id":"https:\/\/www.id-waste.com\/#website","url":"https:\/\/www.id-waste.com\/","name":"id\u00b7waste","description":"Soluciones para la recogida selectiva domiciliaria y comercial","publisher":{"@id":"https:\/\/www.id-waste.com\/#organization"},"potentialAction":[{"@type":"SearchAction","target":{"@type":"EntryPoint","urlTemplate":"https:\/\/www.id-waste.com\/?s={search_term_string}"},"query-input":"required name=search_term_string"}],"inLanguage":"es"},{"@type":"ImageObject","@id":"https:\/\/www.id-waste.com\/producto\/urba-plus-45\/#primaryimage","inLanguage":"es","url":"https:\/\/www.id-waste.com\/binsandbags\/wp-content\/uploads\/2019\/03\/urbaplus40_nou.jpg","contentUrl":"https:\/\/www.id-waste.com\/binsandbags\/wp-content\/uploads\/2019\/03\/urbaplus40_nou.jpg","width":1570,"height":1571},{"@type":"WebPage","@id":"https:\/\/www.id-waste.com\/producto\/urba-plus-45\/#webpage","url":"https:\/\/www.id-waste.com\/producto\/urba-plus-45\/","name":"Urba Plus 45 &mdash; id\u00b7waste","isPartOf":{"@id":"https:\/\/www.id-waste.com\/#website"},"primaryImageOfPage":{"@id":"https:\/\/www.id-waste.com\/producto\/urba-plus-45\/#primaryimage"},"datePublished":"2019-09-10T12:20:00+00:00","dateModified":"2019-09-10T12:31:10+00:00","breadcrumb":{"@id":"https:\/\/www.id-waste.com\/producto\/urba-plus-45\/#breadcrumb"},"inLanguage":"es","potentialAction":[{"@type":"ReadAction","target":["https:\/\/www.id-waste.com\/producto\/urba-plus-45\/"]}]},{"@type":"BreadcrumbList","@id":"https:\/\/www.id-waste.com\/producto\/urba-plus-45\/#breadcrumb","itemListElement":[{"@type":"ListItem","position":1,"name":"Portada","item":"https:\/\/www.id-waste.com\/comingsoon\/"},{"@type":"ListItem","position":2,"name":"Producto","item":"https:\/\/www.id-waste.com\/binsandbags\/producto\/"},{"@type":"ListItem","position":3,"name":"Urba Plus 45"}]}]}},"_links":{"self":[{"href":"https:\/\/www.id-waste.com\/binsandbags\/wp-json\/wp\/v2\/product\/1896"}],"collection":[{"href":"https:\/\/www.id-waste.com\/binsandbags\/wp-json\/wp\/v2\/product"}],"about":[{"href":"https:\/\/www.id-waste.com\/binsandbags\/wp-json\/wp\/v2\/types\/product"}],"wp:featuredmedia":[{"embeddable":true,"href":"https:\/\/www.id-waste.com\/binsandbags\/wp-json\/wp\/v2\/media\/1792"}],"wp:attachment":[{"href":"https:\/\/www.id-waste.com\/binsandbags\/wp-json\/wp\/v2\/media?parent=1896"}],"wp:term":[{"taxonomy":"product_cat","embeddable":true,"href":"https:\/\/www.id-waste.com\/binsandbags\/wp-json\/wp\/v2\/product_cat?post=1896"},{"taxonomy":"product_tag","embeddable":true,"href":"https:\/\/www.id-waste.com\/binsandbags\/wp-json\/wp\/v2\/product_tag?post=1896"}],"curies":[{"name":"wp","href":"https:\/\/api.w.org\/{rel}","templated":true}]}}